{"id":289,"date":"2024-10-20T16:00:44","date_gmt":"2024-10-20T16:00:44","guid":{"rendered":"https:\/\/fineartist.cz\/wordpress\/?page_id=289"},"modified":"2025-07-16T18:09:42","modified_gmt":"2025-07-16T18:09:42","slug":"kurzy_deti","status":"publish","type":"page","link":"https:\/\/fineartist.cz\/wordpress\/kurzy_deti\/","title":{"rendered":"Kurzy kreslen\u00ed a malov\u00e1n\u00ed pro d\u011bti v centru Prahy"},"content":{"rendered":"\n<div class=\"wp-block-group block_size block_size_500 center has-global-padding is-layout-constrained wp-container-core-group-is-layout-0725e3c2 wp-block-group-is-layout-constrained has-background\" style=\"min-height:120px;padding-right:0;padding-left:0;background-image:url(&apos;https:\/\/fineartist.cz\/wordpress\/wp-content\/uploads\/2024\/12\/WhatsApp-Image-2024-11-26-at-21.07.41_7f2b7bf5.jpg&apos;);background-size:cover;\">\n<div class=\"wp-block-group center wp-container-content-9cfa9a5a has-global-padding is-content-justification-center is-layout-constrained wp-container-core-group-is-layout-9bef223a wp-block-group-is-layout-constrained\" style=\"border-radius:0px;min-height:30vw;padding-right:0px;padding-left:0px\">\n<div class=\"wp-block-group has-background is-vertical is-content-justification-center is-layout-flex wp-container-core-group-is-layout-ce155fab wp-block-group-is-layout-flex\" style=\"background-color:#fafafa42\"><h1 style=\"padding-right:0;padding-left:0;margin-right:0;margin-left:0;\" class=\"has-text-align-center main_title wp-block-post-title\">Kurzy kreslen\u00ed a malov\u00e1n\u00ed pro d\u011bti v centru Prahy<\/h1>\n\n\n<div class=\"wp-block-group is-nowrap is-layout-flex wp-container-core-group-is-layout-6c531013 wp-block-group-is-layout-flex\">\n<p class=\"under_title\">\u2714 V centru Prahy<\/p>\n\n\n\n<p class=\"under_title\">\u2714 Za\u010d\u00e1te\u010dn\u00edci <\/p>\n\n\n\n<p class=\"under_title\">\u2714 Pokro\u010dil\u00ed<\/p>\n<\/div>\n<\/div>\n<\/div>\n<\/div>\n\n\n\n<div class=\"wp-block-group block_size center has-background is-layout-flow wp-block-group-is-layout-flow\" style=\"background-color:#f9f6f6;min-height:120px\">\n<div class=\"wp-block-group has-global-padding is-layout-constrained wp-block-group-is-layout-constrained\">\n<h3 class=\"wp-block-heading has-text-align-center big_pink\">P\u0159ij\u010fte se k n\u00e1m pod\u00edvat!<\/h3>\n\n\n\n<div style=\"height:3vw\" aria-hidden=\"true\" class=\"wp-block-spacer hide_on_mobile\"><\/div>\n\n\n\n<p class=\"has-text-align-center small_black\">Kresl\u00edme v mal\u00fdch skupin\u00e1ch, abych se v\u0161em d\u011btem mohla dostate\u010dn\u011b v\u011bnovat. Chci, aby se jim na kurzech l\u00edbilo a bavilo je objevovat jejich fantazii a tvo\u0159ivost. Vl\u00e1dne u n\u00e1s kamar\u00e1dsk\u00e1 atmosf\u00e9ra.<\/p>\n\n\n\n<div style=\"height:5vw\" aria-hidden=\"true\" class=\"wp-block-spacer hide_on_mobile\"><\/div>\n<\/div>\n<\/div>\n\n\n\n<div class=\"wp-block-group block_size center has-background is-layout-flow wp-block-group-is-layout-flow\" style=\"background-color:#f9f6f6;min-height:391px\">\n<div class=\"wp-block-group is-layout-flow wp-block-group-is-layout-flow\">\n<div class=\"wp-block-group center is-layout-flow wp-block-group-is-layout-flow\">\n<div class=\"wp-block-columns is-not-stacked-on-mobile center is-layout-flex wp-container-core-columns-is-layout-072f234e wp-block-columns-is-layout-flex\">\n<div class=\"wp-block-column is-layout-flow wp-block-column-is-layout-flow\" style=\"flex-basis:37.5vw\">\n<div class=\"wp-block-group is-vertical is-content-justification-stretch is-layout-flex wp-container-core-group-is-layout-353c4f5a wp-block-group-is-layout-flex\">\n<h3 class=\"wp-block-heading medium_pink\">Pom\u00e1h\u00e1m d\u011btem rozv\u00edjet jejich p\u0159irozenou tvo\u0159ivost a talent<\/h3>\n\n\n\n<ul class=\"wp-block-list small_black\">\n<li>Citliv\u011b reaguji na jejich p\u0159\u00e1n\u00ed a mo\u017enosti<\/li>\n\n\n\n<li>Rozv\u00edj\u00edm v\u00fdtvarn\u00e9 c\u00edt\u011bn\u00ed a zru\u010dnost podle schopnost\u00ed ka\u017ed\u00e9ho<\/li>\n\n\n\n<li>Spolupracuji s v\u00e1mi ve sm\u011b\u0159ov\u00e1n\u00ed va\u0161eho d\u00edt\u011bte v um\u011bleck\u00e9 oblasti<\/li>\n<\/ul>\n<\/div>\n<\/div>\n\n\n\n<div class=\"wp-block-column is-layout-flow wp-block-column-is-layout-flow\" style=\"flex-basis:37.5vw\">\n<div class=\"wp-block-group is-layout-flow wp-block-group-is-layout-flow\">\n<h3 class=\"wp-block-heading medium_pink\">Vyzkou\u0161\u00ed si n\u011bco nov\u00e9ho<\/h3>\n\n\n\n<ul class=\"wp-block-list small_black\">\n<li>Malujeme a kresl\u00edme u stojan\u016f, podle p\u0159edlohy i vlastn\u00ed fantazie<\/li>\n\n\n\n<li>D\u011bti si vyzkou\u0161\u00ed rozmanit\u00e9 materi\u00e1ly a techniky<\/li>\n\n\n\n<li>Nen\u00e1silnou formou objevuj\u00ed barvy a osvoj\u00ed si z\u00e1klady kresby a malby<\/li>\n<\/ul>\n<\/div>\n<\/div>\n<\/div>\n<\/div>\n\n\n\n<div style=\"height:2vw\" aria-hidden=\"true\" class=\"wp-block-spacer\"><\/div>\n\n\n\n<p class=\"has-text-align-center small_black\">Mluv\u00edm plynule francouzsky, v p\u0159\u00edpad\u011b z\u00e1jmu mohu s d\u011btmi komunikovat ve francouz\u0161tin\u011b<\/p>\n\n\n\n<div style=\"height:7vw\" aria-hidden=\"true\" class=\"wp-block-spacer hide_on_mobile\"><\/div>\n<\/div>\n<\/div>\n\n\n\n<div class=\"wp-block-group hide_on_mobile has-base-background-color has-background has-global-padding is-content-justification-left is-layout-constrained wp-container-core-group-is-layout-812a8b9b wp-block-group-is-layout-constrained\">\nngg_shortcode_0_placeholder\n\n\n\n<div class=\"wp-block-group is-content-justification-right is-nowrap is-layout-flex wp-container-core-group-is-layout-17124a9a wp-block-group-is-layout-flex\">\n<p class=\"has-text-align-right has-accent-3-color has-text-color has-link-color wp-elements-a6be9e8190a40d2a5525408e18b29c37\" style=\"border-top-style:none;border-top-width:0px;border-right-color:var(--wp--preset--color--base);border-right-width:15vw;border-bottom-color:var(--wp--preset--color--base);border-left-style:none;border-left-width:0px\"><a href=\"https:\/\/www.facebook.com\/Fineartist.cz\/photos_by\">V\u00edce obr\u00e1zk\u016f na na\u0161em Facebooku <strong>&gt;<\/strong><\/a><\/p>\n<\/div>\n\n\n\n<div style=\"height:72px\" aria-hidden=\"true\" class=\"wp-block-spacer\"><\/div>\n<\/div>\n\n\n\n<div class=\"wp-block-group block_size dark_background pripojte_se_k_nam_a_objevte_svou_kreativitu center is-layout-flow wp-block-group-is-layout-flow\" style=\"min-height:150px\">\n<div class=\"wp-block-group has-global-padding is-layout-constrained wp-block-group-is-layout-constrained\">\n<h2 class=\"wp-block-heading has-text-align-center big_black\">P\u0159ij\u010fte se k n\u00e1m pod\u00edvat!<\/h2>\n\n\n\n<p class=\"has-text-align-center small_black\">Kurzy objedn\u00e1vejte telefonicky na \u010d\u00edsle<\/p>\n\n\n\n<p class=\"has-text-align-center small_white\"><strong>+420 774870733<\/strong><\/p>\n\n\n\n<p class=\"has-text-align-center small_black\">nebo emailem na<\/p>\n\n\n\n<p class=\"has-text-align-center small_white\"><strong>info@fineartist.cz<\/strong><\/p>\n<\/div>\n<\/div>\n\n\n\n<div style=\"height:49px\" aria-hidden=\"true\" class=\"wp-block-spacer\"><\/div>\n\n\n\n<div class=\"wp-block-group block_size center is-layout-flow wp-block-group-is-layout-flow\" style=\"min-height:200px\">\n<div class=\"wp-block-columns is-not-stacked-on-mobile center is-layout-flex wp-container-core-columns-is-layout-8c5dff4a wp-block-columns-is-layout-flex\">\n<div class=\"wp-block-column is-layout-flow wp-block-column-is-layout-flow\" style=\"flex-basis:34.72222vw\">\n<h3 class=\"wp-block-heading small_pink\">Kurzy prob\u00edhaj\u00ed v\u017edy v pond\u011bl\u00ed a ve st\u0159edu<\/h3>\n\n\n\n<div class=\"wp-block-columns is-not-stacked-on-mobile is-layout-flex wp-container-core-columns-is-layout-28f84493 wp-block-columns-is-layout-flex\">\n<div class=\"wp-block-column is-layout-flow wp-block-column-is-layout-flow\">\n<div class=\"wp-block-columns is-not-stacked-on-mobile is-layout-flex wp-container-core-columns-is-layout-28f84493 wp-block-columns-is-layout-flex\">\n<div class=\"wp-block-column is-layout-flow wp-container-core-column-is-layout-b3ff8a06 wp-block-column-is-layout-flow\">\n<pre class=\"wp-block-verse small_black\"><strong>Pond\u011bl\u00ed <\/strong>15.30 -16.50<br><strong>St\u0159eda <\/strong>15.30- 16.50<\/pre>\n\n\n\n<pre class=\"wp-block-verse small_black\"><strong>1. pololet\u00ed<\/strong><br>Od 15.9 do 26.1.<br><strong>2. pololet\u00ed<\/strong><br>Od 28.1. do 10.6.<br><\/pre>\n<\/div>\n\n\n\n<div class=\"wp-block-column is-layout-flow wp-block-column-is-layout-flow\">\n<ul class=\"wp-block-list small_black\">\n<li>Lekce trv\u00e1 1 hodinu a 20 minut.<\/li>\n\n\n\n<li>P\u0159ihl\u00e1sit se m\u016f\u017eete kdykoliv b\u011bhem roku<\/li>\n\n\n\n<li>Den si m\u016f\u017eete zvolit po domluv\u011b s lektorkou podle obsazenosti<\/li>\n<\/ul>\n<\/div>\n<\/div>\n<\/div>\n<\/div>\n<\/div>\n\n\n\n<div class=\"wp-block-column is-layout-flow wp-block-column-is-layout-flow\" style=\"flex-basis:34.72222vw\">\n<h3 class=\"wp-block-heading small_pink\">Materi\u00e1l, pom\u016fcky a su\u0161enky jsou v cen\u011b<\/h3>\n\n\n\n<p class=\"small_black\"><strong>\u0160koln\u00ed rok 2025\/26<\/strong><br><strong>1. pololet\u00ed<\/strong> (16 lekc\u00ed) &#8211; <mark style=\"background-color:rgba(0, 0, 0, 0);color:#ff827a\" class=\"has-inline-color\"><strong>5600 k\u010d<\/strong><\/mark><br><strong>2. pololet\u00ed<\/strong> (16 lekc\u00ed) &#8211; <mark style=\"background-color:rgba(0, 0, 0, 0);color:#ff827a\" class=\"has-inline-color\"><strong>5600 k\u010d<\/strong><\/mark><\/p>\n\n\n\n<pre class=\"wp-block-verse small_black\">Kurzy objedn\u00e1te:<br>\ud83d\udcde telefonicky na \u010d\u00edsle <strong>+420 774 870 733 <\/strong><br>\ud83d\udce7 emailem<strong> <\/strong>na <strong>info@fineartist.cz<\/strong><\/pre>\n<\/div>\n<\/div>\n<\/div>\n\n\n\n<div class=\"wp-block-group block_size center block_size_500 light_background is-layout-flow wp-block-group-is-layout-flow\" style=\"min-height:300px\">\n<div class=\"wp-block-columns is-not-stacked-on-mobile center is-layout-flex wp-container-core-columns-is-layout-90eb476d wp-block-columns-is-layout-flex\">\n<div class=\"wp-block-column center is-layout-flow wp-block-column-is-layout-flow\" style=\"flex-basis:37.5vw\">\n<div class=\"wp-block-group top_align has-global-padding is-content-justification-left is-layout-constrained wp-container-core-group-is-layout-3c36091d wp-block-group-is-layout-constrained\">\n<figure class=\"wp-block-image size-full is-style-default, img\"><img loading=\"lazy\" decoding=\"async\" width=\"1707\" height=\"1707\" src=\"https:\/\/fineartist.cz\/wordpress\/wp-content\/uploads\/2025\/06\/20250228-DSC_6513-scaled-e1750094814769.jpg\" alt=\"\" class=\"wp-image-1705\" style=\"object-fit:contain\" srcset=\"https:\/\/fineartist.cz\/wordpress\/wp-content\/uploads\/2025\/06\/20250228-DSC_6513-scaled-e1750094814769.jpg 1707w, https:\/\/fineartist.cz\/wordpress\/wp-content\/uploads\/2025\/06\/20250228-DSC_6513-scaled-e1750094814769-300x300.jpg 300w, https:\/\/fineartist.cz\/wordpress\/wp-content\/uploads\/2025\/06\/20250228-DSC_6513-scaled-e1750094814769-1024x1024.jpg 1024w, https:\/\/fineartist.cz\/wordpress\/wp-content\/uploads\/2025\/06\/20250228-DSC_6513-scaled-e1750094814769-150x150.jpg 150w, https:\/\/fineartist.cz\/wordpress\/wp-content\/uploads\/2025\/06\/20250228-DSC_6513-scaled-e1750094814769-768x768.jpg 768w, https:\/\/fineartist.cz\/wordpress\/wp-content\/uploads\/2025\/06\/20250228-DSC_6513-scaled-e1750094814769-1536x1536.jpg 1536w\" sizes=\"auto, (max-width: 1707px) 100vw, 1707px\" \/><\/figure>\n<\/div>\n<\/div>\n\n\n\n<div class=\"wp-block-column center is-layout-flow wp-block-column-is-layout-flow\" style=\"flex-basis:30.9vw\">\n<div class=\"wp-block-group is-layout-flow wp-block-group-is-layout-flow\" style=\"min-height:0px\">\n<h2 class=\"wp-block-heading medium_pink\">Jmenuji se Jana Neubertov\u00e1 a budu va\u0161\u00ed lektorkou<\/h2>\n\n\n\n<p class=\"small_black\">Jsem absolventka <strong>vysok\u00e9 um\u011bleck\u00e9 \u0161koly Ecole Sup\u00e9rieure&nbsp; v Pa\u0159\u00ed\u017ei.<\/strong> Absolvovala jsem um\u011bleckou st\u00e1\u017e na <strong>akademii Beaux Arts Metz<\/strong> a dal\u0161\u00ed um\u011bleck\u00e9 st\u00e1\u017ee v \u010cech\u00e1ch i v zahrani\u010d\u00ed.<br>Um\u011bleck\u00fd ateli\u00e9r FineArtist vedu <strong>ji\u017e 15 let.<\/strong><br>Pomohu v\u00e1m l\u00e9pe vn\u00edmat barvy, sv\u011bt kolem n\u00e1s a <strong>objevit radost z vlastn\u00ed tvorby.<\/strong><\/p>\n\n\n\n<p class=\"link_pink has-text-color has-link-color wp-elements-db15527245cdc3bf07ffdd5faf1d7def\" style=\"color:#ff695f\"><a href=\"https:\/\/fineartist.cz\/o-lektorce\/\" data-type=\"page\" data-id=\"181\">V\u00edce o m\u011b &gt;<\/a><\/p>\n<\/div>\n<\/div>\n<\/div>\n<\/div>\n\n\n\n<div class=\"wp-block-group block_size center block_size_500 light_background is-layout-flow wp-block-group-is-layout-flow\" style=\"min-height:200px\">\n<div class=\"wp-block-columns is-not-stacked-on-mobile center is-layout-flex wp-container-core-columns-is-layout-90eb476d wp-block-columns-is-layout-flex\">\n<div class=\"wp-block-column center is-layout-flow wp-block-column-is-layout-flow\" style=\"flex-basis:30.9vw\">\n<div class=\"wp-block-group has-global-padding is-layout-constrained wp-container-core-group-is-layout-5f04119f wp-block-group-is-layout-constrained\" style=\"min-height:250px\">\n<h2 class=\"wp-block-heading medium_pink\">Tvo\u0159\u00edme v <strong>srdci Prahy<\/strong><\/h2>\n\n\n\n<pre class=\"wp-block-verse small_black has-link-color wp-elements-e73bae64bd8c96cd1d3704a471c789cc\">Na\u0161e kurzy prob\u00edhaj\u00ed v ateli\u00e9ru <br><strong><a href=\"https:\/\/maps.app.goo.gl\/yvwQsihi1XyJqKyC6\" data-type=\"link\" data-id=\"https:\/\/maps.app.goo.gl\/yvwQsihi1XyJqKyC6\">Na Mor\u00e1ni 3, Palack\u00e9ho n\u00e1m\u011bst\u00ed, Praha 2<\/a><\/strong><br><br>Snadno se k n\u00e1m dostanete. Metrem stanice <strong>Karlovo n\u00e1m\u011bst\u00ed<\/strong>, tramvaj\u00ed zast\u00e1vka <strong>Palack\u00e9ho&nbsp;n\u00e1m\u011bst\u00ed<\/strong>.<\/pre>\n<\/div>\n<\/div>\n\n\n\n<div class=\"wp-block-column has-global-padding is-layout-constrained wp-container-core-column-is-layout-b0125b04 wp-block-column-is-layout-constrained\" style=\"flex-basis:37.5vw\">\n<div class=\"responsive-map\">\n  <iframe\n    src=\"https:\/\/www.google.com\/maps\/embed?pb=!1m18!1m12!1m3!1d2574.0199509239887!2d14.412686712114901!3d50.073496971403884!2m3!1f0!2f0!3f0!3m2!1i1024!2i768!4f13.1!3m3!1m2!1s0x470b945fe966068f%3A0xf5a017956c84d074!2sFineartist%20-%20kurzy%20kreslen%C3%AD%20a%20malov%C3%A1n%C3%AD%20Praha!5e1!3m2!1scs!2scz!4v1729435801883!5m2!1scs!2scz\"\n    allowfullscreen\n    loading=\"lazy\"\n    referrerpolicy=\"no-referrer-when-downgrade\">\n  <\/iframe>\n<\/div>\n\n<\/div>\n<\/div>\n<\/div>\n\n\n\n<div class=\"wp-block-group block_size center dark_background is-layout-flow wp-block-group-is-layout-flow\" style=\"min-height:180px\">\n<div class=\"wp-block-group has-global-padding is-layout-constrained wp-container-core-group-is-layout-d9a209b5 wp-block-group-is-layout-constrained\">\n<h2 class=\"wp-block-heading has-text-align-center big_black\" style=\"padding-top:0;padding-bottom:0\">Pot\u011b\u0161te sv\u00e9 bl\u00edzk\u00e9 kurzem kreslen\u00ed a malov\u00e1n\u00ed<\/h2>\n\n\n\n<p class=\"has-text-align-center small_black\" style=\"padding-top:var(--wp--preset--spacing--10);padding-bottom:var(--wp--preset--spacing--10)\">Ka\u017ed\u00fd kurz m\u016f\u017eete v\u011bnovat jako d\u00e1rek ve form\u011b poukazu<\/p>\n\n\n\n<div class=\"wp-block-buttons is-content-justification-center is-nowrap is-layout-flex wp-container-core-buttons-is-layout-0a25f5c7 wp-block-buttons-is-layout-flex\" style=\"margin-top:var(--wp--preset--spacing--10);margin-bottom:var(--wp--preset--spacing--10)\">\n<div class=\"wp-block-button has-custom-width wp-block-button__width-75 small_black\"><a class=\"wp-block-button__link has-text-color has-background has-link-color has-text-align-center wp-element-button\" href=\"https:\/\/fineartist.cz\/poukaz\/\" style=\"border-radius:1vw;color:#280908;background-color:#f9f6f6\" rel=\"https:\/\/fineartist.cz\/wordpress\/poukaz\/\">D\u00e1rkov\u00e9 poukazy<\/a><\/div>\n<\/div>\n<\/div>\n<\/div>\n\n\n\n<div class=\"wp-block-group block_size block_size_276 light_background is-layout-flow wp-block-group-is-layout-flow\" style=\"min-height:120px\">\n<div style=\"height:6.25vw\" aria-hidden=\"true\" class=\"wp-block-spacer light_background\"><\/div>\n\n\n\n<div class=\"wp-block-columns is-not-stacked-on-mobile center is-layout-flex wp-container-core-columns-is-layout-3954a950 wp-block-columns-is-layout-flex\" style=\"border-style:none;border-width:0px;border-radius:0px;padding-top:0;padding-bottom:0\">\n<div class=\"wp-block-column center has-accent-5-background-color has-background is-layout-flow wp-block-column-is-layout-flow\" style=\"border-style:none;border-width:0px;padding-top:var(--wp--preset--spacing--10);padding-bottom:var(--wp--preset--spacing--10);flex-basis:48.95833vw\">\n<div class=\"wp-block-group has-global-padding is-layout-constrained wp-container-core-group-is-layout-58de79f5 wp-block-group-is-layout-constrained\">\n<p class=\"has-text-align-right small_black\">Kurzy kreslen\u00ed a malov\u00e1n\u00ed pro dosp\u011bl\u00e9<\/p>\n\n\n\n<p class=\"has-text-align-right center small_black has-text-color has-link-color wp-elements-0d2dc44b98a62d785c90dc683271a359\" style=\"color:#ff695f\"><a href=\"https:\/\/fineartist.cz\/kurzy_dospeli\/\" data-type=\"link\" data-id=\"https:\/\/fineartist.cz\/kurzy_dp\/\">V\u00edce o kurzech pro dosp\u011bl\u00e9 &gt;<\/a><\/p>\n<\/div>\n<\/div>\n\n\n\n<div class=\"wp-block-column center has-accent-5-background-color has-background is-layout-flow wp-block-column-is-layout-flow\" style=\"border-style:none;border-width:0px;padding-top:var(--wp--preset--spacing--10);padding-bottom:var(--wp--preset--spacing--10);flex-basis:48.95833vw\">\n<div class=\"wp-block-group has-global-padding is-layout-constrained wp-block-group-is-layout-constrained\">\n<p class=\"small_black\">P\u0159\u00edprava na studium  na um\u011bleck\u00e9 \u0161kole<\/p>\n\n\n\n<p class=\"center small_black has-text-color has-link-color wp-elements-5cfbc196d0adea48bf0675d58e394e5a\" style=\"color:#ff695f\"><a href=\"https:\/\/fineartist.cz\/wordpress\/soukrome-kurzy\/\" data-type=\"page\" data-id=\"1748\">V\u00edce informac\u00ed ><\/a><\/p>\n<\/div>\n<\/div>\n<\/div>\n<\/div>\n","protected":false},"excerpt":{"rendered":"<p>\u2714 V centru Prahy \u2714 Za\u010d\u00e1te\u010dn\u00edci \u2714 Pokro\u010dil\u00ed P\u0159ij\u010fte se k n\u00e1m pod\u00edvat! Kresl\u00edme v mal\u00fdch skupin\u00e1ch, abych se v\u0161em d\u011btem mohla dostate\u010dn\u011b v\u011bnovat. Chci, aby se jim na kurzech l\u00edbilo a bavilo je objevovat jejich fantazii a tvo\u0159ivost. Vl\u00e1dne u n\u00e1s kamar\u00e1dsk\u00e1 atmosf\u00e9ra. Pom\u00e1h\u00e1m d\u011btem rozv\u00edjet jejich p\u0159irozenou tvo\u0159ivost a talent Vyzkou\u0161\u00ed si n\u011bco [&hellip;]<\/p>\n","protected":false},"author":1,"featured_media":0,"parent":0,"menu_order":0,"comment_status":"closed","ping_status":"closed","template":"kurzy","meta":{"ngg_post_thumbnail":0,"footnotes":""},"class_list":["post-289","page","type-page","status-publish","hentry"],"_links":{"self":[{"href":"https:\/\/fineartist.cz\/wordpress\/wp-json\/wp\/v2\/pages\/289","targetHints":{"allow":["GET"]}}],"collection":[{"href":"https:\/\/fineartist.cz\/wordpress\/wp-json\/wp\/v2\/pages"}],"about":[{"href":"https:\/\/fineartist.cz\/wordpress\/wp-json\/wp\/v2\/types\/page"}],"author":[{"embeddable":true,"href":"https:\/\/fineartist.cz\/wordpress\/wp-json\/wp\/v2\/users\/1"}],"replies":[{"embeddable":true,"href":"https:\/\/fineartist.cz\/wordpress\/wp-json\/wp\/v2\/comments?post=289"}],"version-history":[{"count":202,"href":"https:\/\/fineartist.cz\/wordpress\/wp-json\/wp\/v2\/pages\/289\/revisions"}],"predecessor-version":[{"id":1789,"href":"https:\/\/fineartist.cz\/wordpress\/wp-json\/wp\/v2\/pages\/289\/revisions\/1789"}],"wp:attachment":[{"href":"https:\/\/fineartist.cz\/wordpress\/wp-json\/wp\/v2\/media?parent=289"}],"curies":[{"name":"wp","href":"https:\/\/api.w.org\/{rel}","templated":true}]}}